{"id":2,"date":"2024-11-04T11:57:49","date_gmt":"2024-11-04T10:57:49","guid":{"rendered":"http:\/\/arteva.org\/?page_id=2"},"modified":"2026-04-20T13:02:45","modified_gmt":"2026-04-20T11:02:45","slug":"autres-expositions-arteva","status":"publish","type":"page","link":"https:\/\/arteva.org\/index.php\/autres-expositions-arteva\/","title":{"rendered":"Expositions"},"content":{"rendered":"<div class=\"wp-block-image\">\n<figure class=\"aligncenter size-full\"><img loading=\"lazy\" decoding=\"async\" width=\"505\" height=\"337\" src=\"https:\/\/arteva.org\/wp-content\/uploads\/2024\/11\/contact-arteva.jpg\" alt=\"\" class=\"wp-image-11\" srcset=\"https:\/\/arteva.org\/wp-content\/uploads\/2024\/11\/contact-arteva.jpg 505w, https:\/\/arteva.org\/wp-content\/uploads\/2024\/11\/contact-arteva-300x200.jpg 300w\" sizes=\"auto, (max-width: 505px) 100vw, 505px\" \/><\/figure>\n<\/div>\n\n\n<p>Autres Expositions &#8211; ARTEVA<\/p>\n\n\n\n<p>&#8212;&#8212;&#8212;&#8212;&#8212;&#8212;&#8212;&#8212;&#8212;&#8212;&#8212;&#8212;&#8212;&#8212;&#8212;&#8212;&#8212;&#8212;<br><strong>\u00ab\u00a0<\/strong><em><strong>Despedida\u00a0\u00bb<\/strong> <\/em><\/p>\n\n\n\n<p><em>PROLONGATION du 21 au 26 Avril 2026<br>\u00ab\u00a0Avant de voguer vers des contr\u00e9es ensoleill\u00e9es, l\u2019artiste <strong>Franck Patin<\/strong> nous fait l\u2019amiti\u00e9 d\u2019ouvrir son atelier pour une ultime exposition de ses peintures \u00e0 Nantes.<br>\u00a0<br><strong>ARTEVA<\/strong> vous donne rendez-vous chez lui, 37 rue Mellier Nantes (44100)\u00a0<\/em><\/p>\n\n\n\n<ul class=\"wp-block-list\">\n<li>Sur rendez-vous du mardi 21 au vendredi 24 avril (contacter directement l&rsquo;artiste au 06 07 40 43 48),<\/li>\n\n\n\n<li>En acc\u00e8s libre samedi 25 et dimanche 26 avril de 14h \u00e0 19h.<\/li>\n<\/ul>\n\n\n\n<p><\/p>\n\n\n\n<p>Tram Ligne1 Du Chaffault \/ Bus C1 Saint-Aignan<em><br>&#8212;&#8212;&#8212;&#8212;&#8212;&#8212;&#8212;&#8212;&#8212;&#8212;&#8212;&#8212;&#8212;&#8212;&#8212;&#8212;&#8212;&#8212;<br><\/em><strong>\u00ab\u00a0Ombres et Lumi\u00e8res\u00a0\u00bb<\/strong> <em>Du 17 au 20 Septembre 2026<\/em> \u00e0 l&rsquo;Ancienne Manufacture des Tabacs &#8211; Nantes. Vernissage le 16 Septembre de 18h \u00e0 21h<br><em>&#8212;&#8212;&#8212;&#8212;&#8212;&#8212;&#8212;&#8212;&#8212;&#8212;&#8212;&#8212;&#8212;&#8212;&#8212;&#8212;&#8212;&#8212;<\/em><br><strong>\u00ab\u00a0Puissance4\u00a0\u00bb<\/strong> Du jeudi 26 au dimanche 29 septembre 2024 inclus<\/p>\n\n\n\n<figure class=\"wp-block-image size-full is-resized\"><img loading=\"lazy\" decoding=\"async\" width=\"40\" height=\"57\" src=\"https:\/\/arteva.org\/wp-content\/uploads\/2024\/11\/puissance-4-intro2cm.jpg\" alt=\"\" class=\"wp-image-158\" style=\"width:61px;height:auto\"\/><\/figure>\n\n\n\n<p><a href=\"https:\/\/arteva.org\/wp-content\/uploads\/2024\/11\/ARTEVA-Catalogue_Puissance4-2.pdf\" target=\"_blank\" rel=\"noreferrer noopener\">T\u00e9l\u00e9charger le catalogue<\/a><br>&#8212;&#8212;&#8212;&#8212;&#8212;&#8212;&#8212;&#8212;&#8212;&#8212;&#8212;&#8212;&#8212;&#8212;&#8212;&#8212;&#8212;&#8212;<br><strong>\u00ab\u00a0Le Cabinet des Avatars\u00a0\u00bb<\/strong> Du jeudi 28 mars au lundi 1er avril 2024 inclus<\/p>\n\n\n\n<figure class=\"wp-block-image size-full\"><img loading=\"lazy\" decoding=\"async\" width=\"83\" height=\"20\" src=\"https:\/\/arteva.org\/wp-content\/uploads\/2024\/11\/event_arteva.gif\" alt=\"\" class=\"wp-image-8\"\/><\/figure>\n\n\n\n<p><a href=\"https:\/\/arteva.org\/wp-content\/uploads\/2025\/01\/19D-Cabinet-des-Avatars-28-mars-1er-avril-2024.pdf\" target=\"_blank\" rel=\"noreferrer noopener\">T\u00e9l\u00e9charger le catalogue<\/a><br>&#8212;&#8212;&#8212;&#8212;&#8212;&#8212;&#8212;&#8212;&#8212;&#8212;&#8212;&#8212;&#8212;&#8212;&#8212;&#8212;&#8212;&#8212;-<br><strong>\u00ab\u00a0Sans fil conducteur\u00a0\u00bb<\/strong> Du jeudi 23 au dimanche 26 novembre 2023<\/p>\n\n\n\n<figure class=\"wp-block-image size-full is-resized\"><img loading=\"lazy\" decoding=\"async\" width=\"37\" height=\"57\" src=\"https:\/\/arteva.org\/wp-content\/uploads\/2024\/11\/sans-fil-conducteur-intro2cm.jpg\" alt=\"\" class=\"wp-image-156\" style=\"width:61px;height:auto\"\/><\/figure>\n\n\n\n<p><a href=\"https:\/\/arteva.org\/wp-content\/uploads\/2025\/01\/18D-Sans-fil-conducteur-2023.pdf\" target=\"_blank\" rel=\"noreferrer noopener\">T\u00e9l\u00e9charger le catalogue<\/a><br>&#8212;&#8212;&#8212;&#8212;&#8212;&#8212;&#8212;&#8212;&#8212;&#8212;&#8212;&#8212;&#8212;&#8212;&#8212;&#8212;&#8212;&#8212;<br><strong>ARCHIVES :<\/strong><br>&#8212;&#8212;&#8212;&#8212;&#8212;&#8212;&#8212;&#8212;&#8212;&#8212;&#8212;&#8212;&#8212;&#8212;&#8212;&#8212;&#8212;&#8212;<br>Carlos Ciriza, sculptures et peintures (Plogastel Saint-Germain) Du samedi 7 d\u00e9cembre au dimanche 15 d\u00e9cembre 2019 &#8211; <br><a href=\"https:\/\/arteva.org\/wp-content\/uploads\/2025\/01\/17D-Carlos-CIRIZAa-la-Galerie-Arts-Raden-6-10-decembre-2019.pdf\" target=\"_blank\" rel=\"noreferrer noopener\">T\u00e9l\u00e9charger le catalogue<\/a><br>&#8212;&#8212;&#8212;&#8212;&#8212;&#8212;&#8212;&#8212;&#8212;&#8212;&#8212;&#8212;&#8212;&#8212;&#8212;&#8212;&#8212;&#8212;<br>Carlos Ciriza, sculptures et peintures (Nantes) Du vendredi 15 novembre au dimanche 1er d\u00e9cembre 2019 &#8211; <br><a href=\"https:\/\/arteva.org\/wp-content\/uploads\/2025\/01\/16D-Carlos-Ciriza-a-La-Folie-des-Arts-15-novembre-1er-decembre-2019.pdf\" target=\"_blank\" rel=\"noreferrer noopener\">T\u00e9l\u00e9charger le catalogue<\/a><br>&#8212;&#8212;&#8212;&#8212;&#8212;&#8212;&#8212;&#8212;&#8212;&#8212;&#8212;&#8212;&#8212;&#8212;&#8212;&#8212;&#8212;&#8212;<br>Causerie sur Riopelle Mercredi 3 avril 2019 \u00e0 19h &#8211;<br><a href=\"https:\/\/arteva.org\/wp-content\/uploads\/2025\/01\/15C-CAUSERIE-SUR-RIOPELLE-a-La-Folie-des-Arts-3-avril-2019.pdf\" target=\"_blank\" rel=\"noreferrer noopener\">T\u00e9l\u00e9charger le catalogue<\/a><br>&#8212;&#8212;&#8212;&#8212;&#8212;&#8212;&#8212;&#8212;&#8212;&#8212;&#8212;&#8212;&#8212;&#8212;&#8212;&#8212;&#8212;&#8212;<br>Sans fil conducteur Du jeudi 14 au dimanche 17 mars 2019 &#8211;<br>Du jeudi 15 au dimanche 18 novembre 2018,<br>Hubert Paressant, ouverture d&rsquo;atelier Du jeudi 27 au dimanche 30 septembre 2018 &#8211;<br><a href=\"https:\/\/arteva.org\/wp-content\/uploads\/2025\/01\/14C-SANS-FIL-CONDUCTEUR-14-17-mars-2019.pdf\" target=\"_blank\" rel=\"noreferrer noopener\">T\u00e9l\u00e9charger le catalogue<\/a><br>&#8212;&#8212;&#8212;&#8212;&#8212;&#8212;&#8212;&#8212;&#8212;&#8212;&#8212;&#8212;&#8212;&#8212;&#8212;&#8212;&#8212;&#8212;<br>Maurice Cadou Rocher Du vendredi 6 au dimanche 22 avril 2018 &#8211;<br>Jeudi 19 avril 2018 &#8211;<br><a href=\"https:\/\/arteva.org\/wp-content\/uploads\/2025\/01\/13C-MAURICE-CADOU-ROCHER-a-La-Folie-des-Arts-6-22-avril-2018.pdf\" target=\"_blank\" rel=\"noreferrer noopener\">T\u00e9l\u00e9charger le catalogue<\/a><br>&#8212;&#8212;&#8212;&#8212;&#8212;&#8212;&#8212;&#8212;&#8212;&#8212;&#8212;&#8212;&#8212;&#8212;&#8212;&#8212;&#8212;&#8212;<br>&#8211; Causerie sur le groupe Archipel Le samedi 14 avril 2018 de 18h \u00e0 20h<br>&#8211; Ambiance 2017 Du jeudi 30 novembre au dimanche 17 d\u00e9cembre 2017<br>&#8211; Profondeurs en surface Du jeudi 9 au dimanche 19 novembre 2017 <br>&#8211; Le Vol Perp\u00e9tuel Du jeudi 5 au dimanche 22 octobre 2017 <br>Du jeudi 14 au dimanche 24 septembre 2017 <br>&#8211; Sans pr\u00e9c\u00e9dent Du jeudi 11 au dimanche 21 mai 2017 <br>Du jeudi 6 au dimanche 9 avril 2017 &#8211;<br>Jeudi 6 avril 2017<br>&#8211; Regard sur la gravure Du jeudi 16 au dimanche 26 mars 2017<br>&#8211; Sur paroles Du jeudi 23 f\u00e9vrier au dimanche 5 mars 2017<br>Du jeudi 12 janvier au dimanche 22 janvier 2017 <br>Du jeudi 1er au dimanche 18 d\u00e9cembre 2016 <br>&#8211; Expo Br\u00e9chet &#8211; Leray Du jeudi 10 au dimanche 20 novembre 2016<br>&#8211; Causerie Samedi 19 novembre \u00e0 18h. R\u00e9servation recommand\u00e9e<br>&#8211; Feu vert \u00e0 Arts Raden Du jeudi 27 au dimanche 30 octobre 2016 <br>Du jeudi 6 au dimanche 9 octobre 2016 <br>&#8211; Pr\u00e9sence de l&rsquo;art construit Du jeudi 8 au dimanche 25 septembre 2016 <br>&#8211; Alternance Du jeudi 18 au dimanche 21 ao\u00fbt 2016 <br>Du jeudi 21 au dimanche 24 avril 2016 <br>&#8211; Point de rencontre Du jeudi 24 mars au dimanche 10 avril 2016<br>&#8211; \u00ab\u00a0Entre les lignes\u00a0\u00bb Du jeudi 3 au dimanche 13 mars 2016 <br>&#8211; R\u00e9my Thoirain Du jeudi 4 au dimanche 21 f\u00e9vrier 2016<br>&#8211; Thoirain, huiles, toiles et papiers Samedi 20 f\u00e9vrier 2016 \u00e0 19h (voir Caf\u00e9 des n\u00e9gociants)<br>&#8211; Ambiance : au pied du mur Du jeudi 3 au dimanche 13 d\u00e9cembre 2015<br>&#8211; Jean Kiras : Du jeudi 5 au dimanche 22 novembre 2015<br>&#8211; \u00ab\u00a0Feu vert \u00e0 \u2026Jean Fradin\u00a0\u00bb Du jeudi 22 au dimanche 25 octobre 2015.<br>&#8211; Les Arts papier 2015 Du jeudi 8 au dimanche 11 octobre 2015<br>&#8211; To night Du jeudi 10 au dimanche 20 septembre 2015 <br>&#8211; Sans gravit\u00e9 Du jeudi 2 au dimanche 12 avril 2015 <br>&#8211; \u00ab\u00a0Dominique Chantreau\u00a0\u00bb Du jeudi 12 au dimanche 22 mars 2015 <br>&#8211; \u00ab\u00a0Impalpables volumes\u00a0\u00bb Du jeudi 19 f\u00e9vrier au dimanche 1er mars 2015 <br>&#8211; \u00ab\u00a0L&rsquo;unit\u00e9 des contraires\u00a0\u00bb Du jeudi 29 janvier au dimanche 8 f\u00e9vrier 2015 <br>&#8211; \u00ab\u00a0Six \u00e9l\u00e9ments\u00a0\u00bb Du jeudi 8 au dimanche 18 janvier 2015<br>&#8211; \u00ab\u00a0La vie en rose\u00a0\u00bb Du jeudi 27 novembre au dimanche 14 d\u00e9cembre 2014 <br>&#8211; Univers m\u00eal\u00e9s Du jeudi 6 au dimanche 16 novembre 2014 <br>&#8211; Mots de passe Du jeudi 16 au dimanche 26 octobre 2014 <br>&#8211; Mots de passe, lectures Samedi 18 octobre 2014 de 17h \u00e0 19h<br>&#8211; \u00ab\u00a0A deux voies\u00a0\u00bb Jeannette et Jean Branchet Du jeudi 4 au dimanche 14 septembre 2014 <br>&#8211; Rencontre avec Jeannette et Jean Branchet Samedi 13 septembre \u00e0 partir de 17h<br>&#8211; Roland LE CLANCHE-DESPREZ, peintures Du jeudi 17 avril au dimanche 4 mai 2014<br>&#8211; Trait pour traits, Chantal ATELIN Du jeudi 27 mars au dimanche 6 avril 2014<br>&#8211; Tous les chats sont gris Du jeudi 13 au dimanche 16 mars 2014<br>&#8211; Jorj MORIN,peintures, dessins, tapisseries et mosa\u00efques Du jeudi 20 f\u00e9vrier au dimanche 2 mars 2014 <br>&#8211; Expo Floc&rsquo;h, Giraud, Gunst, Painchault, Raoult et Rautenstrauch Du jeudi 30 janvier au dimanche 9 f\u00e9vrier 2014 <br>&#8211; \u00ab\u00a0Ambiance \u2026et chambre \u00e0 part\u00a0\u00bb Du jeudi 21 novembre au dimanche 15 d\u00e9cembre 2013<br>&#8211; Convergences Du jeudi 10 au dimanche 20 octobre 2013<br>&#8211; JACQUES RAOULT, bronzes et dessins Du jeudi 19 au dimanche 29 septembre 2013<br>&#8211; FEU VERT \u00e0 Monique et Patrice MASSEBOEUF Du jeudi 5 au dimanche 8 septembre 2013 <br>&#8211; Carlos CIRIZA : Du jeudi 11 au dimanche 28 avril 2013 <br>&#8211; \u00ab\u00a0Regard crois\u00e9s\u00a0\u00bb Du jeudi 21 au dimanche 31 mars 2013 <br>&#8211; La Nuit, tous les chats sont gris Du samedi 16 au dimanche 17 mars 2013<br>&#8211; DIT, NON DIT : Hubert PARESSANT &#8211; Du jeudi 14 au dimanche 24 f\u00e9vrier 2013 &#8211;<br>&#8211; Jean-Jacques PIGEON : \u00ab\u00a0VEGETAL\u00a0\u00bb Du jeudi 6 au dimanche 16 d\u00e9cembre 2012<br>&#8211; Jean-Paul FRIOL : \u00ab\u00a0Vous n&rsquo;avez pas tout vu\u00a0\u00bb Du jeudi 22 novembre au dimanche 2 d\u00e9cembre 2012 <br>&#8211; LES ARTS PAPIER 2012 du samedi 10 au dimanche 18 novembre 2012<br>&#8211; \u00ab\u00a0El\u00e9ments et Paysages\u00a0\u00bb Du jeudi 11 au dimanche 21 octobre 2012 <br>&#8211; Bertrand BRACAVAL : \u00ab\u00a0Mati\u00e8res et formes premi\u00e8res\u00a0\u00bb Du jeudi 20 au dimanche 30 septembre 2012 &#8211;<br>&#8211; \u00ab\u00a0Feu vert \u00e0\u2026Fran\u00e7ois FIXOT\u00a0\u00bb Du jeudi 6 au dimanche 9 septembre 2012 <br>&#8211; EXPOSITION D&rsquo;ETE A SALLERTAINE Du dimanche 1er juillet au dimanche 5 ao\u00fbt<br>&#8212;&#8212;&#8212;&#8212;&#8212;&#8212;&#8212;&#8212;&#8212;&#8212;&#8212;&#8212;&#8212;&#8212;&#8212;&#8212;&#8212;&#8212;<br>L&rsquo;ART PREND L&rsquo;AIR samedi 12 et dimanche 13 mai 2012 &#8211;<br><a href=\"https:\/\/arteva.org\/wp-content\/uploads\/2025\/01\/10B-LART-PREND-LAIR-12et-13-mai-2012.pdf\" target=\"_blank\" rel=\"noreferrer noopener\">T\u00e9l\u00e9charger le catalogue<\/a><br>&#8212;&#8212;&#8212;&#8212;&#8212;&#8212;&#8212;&#8212;&#8212;&#8212;&#8212;&#8212;&#8212;&#8212;&#8212;&#8212;&#8212;&#8212;<br>4 PI\u00c8CES FACILES du 26 avril au 6 mai 2012 &#8211;<br>RYTHMES ET COULEURS Du jeudi 5 au dimanche 15 avril 2012 &#8211;<br>&#8212;&#8212;&#8212;&#8212;&#8212;&#8212;&#8212;&#8212;&#8212;&#8212;&#8212;&#8212;&#8212;&#8212;&#8212;&#8212;&#8212;&#8212;<br>Exposition HOMMAGE A JEAN-PAUL FRIOL Du jeudi 22 au dimanche 25 mars 2012 &#8211;<br><a href=\"https:\/\/arteva.org\/wp-content\/uploads\/2025\/01\/9B-HOMMAGE-A-JEAN-PAUL-FRIOL-22-25-mars-2012.pdf\" target=\"_blank\" rel=\"noreferrer noopener\">T\u00e9l\u00e9charger le catalogue<\/a><br>&#8212;&#8212;&#8212;&#8212;&#8212;&#8212;&#8212;&#8212;&#8212;&#8212;&#8212;&#8212;&#8212;&#8212;&#8212;&#8212;&#8212;&#8212;<br>&#8211; \u00ab\u00a0TOUS LES CHATS SONT GRIS\u00a0\u00bb Du 8 au 11 mars 2012 <br>&#8211; \u00ab\u00a0A DEUX VOIES\u2026\u00a0\u00bb : Ariane Clair et Gratas Du 16 au 26 f\u00e9vrier 2012 <br>&#8211; L&rsquo;ESPRIT DU PIXEL du 26 janvier au 5 f\u00e9vrier 2012<br>&#8211; AMBIANCE ! Du jeudi 8 au vendredi 23 d\u00e9cembre 2011 <br>&#8212;&#8212;&#8212;&#8212;&#8212;&#8212;&#8212;&#8212;&#8212;&#8212;&#8212;&#8212;&#8212;&#8212;&#8212;&#8212;&#8212;&#8212;<br>&#8211; Ciments sur toile de Jean-Paul FRIOL \u00e0 la Facult\u00e9 des M\u00e9tiers de Bruz Jusqu&rsquo;au 16 d\u00e9cembre 2011 <br><a href=\"https:\/\/arteva.org\/wp-content\/uploads\/2025\/01\/8B-Ciments-sur-toile-de-Jean-Paul-Friol-2-novembre-16-decembre-2011.pdf\" target=\"_blank\" rel=\"noreferrer noopener\">T\u00e9l\u00e9charger le catalogue<\/a><br>&#8212;&#8212;&#8212;&#8212;&#8212;&#8212;&#8212;&#8212;&#8212;&#8212;&#8212;&#8212;&#8212;&#8212;&#8212;&#8212;&#8212;&#8212;<br>&#8211; INAUGURALE du Caf\u00e9 des N\u00e9gociants \u00e0 Rez\u00e9 du 17 au 27 novembre 2011<br>&#8212;&#8212;&#8212;&#8212;&#8212;&#8212;&#8212;&#8212;&#8212;&#8212;&#8212;&#8212;&#8212;&#8212;&#8212;&#8212;&#8212;&#8212;<br>&#8211; APPARENCES Du vendredi 16 au dimanche 18 septembre 2011 &#8211;<br><a href=\"https:\/\/arteva.org\/wp-content\/uploads\/2025\/01\/7B-APPARENCES-16-17-18-septembre-2011.pdf\" target=\"_blank\" rel=\"noreferrer noopener\">T\u00e9l\u00e9charger le catalogue<\/a><br>&#8212;&#8212;&#8212;&#8212;&#8212;&#8212;&#8212;&#8212;&#8212;&#8212;&#8212;&#8212;&#8212;&#8212;&#8212;&#8212;&#8212;&#8212;<br>&#8211; ART CONTEMPORAIN A SALLERTAINE Du 1er juillet au 31 ao\u00fbt 2011 <br>&#8212;&#8212;&#8212;&#8212;&#8212;&#8212;&#8212;&#8212;&#8212;&#8212;&#8212;&#8212;&#8212;&#8212;&#8212;&#8212;&#8212;&#8212;<br>&#8211; GUILLAUME LE FOYER DE COSTIL 6 \/ 20 mai 2011-<br><a href=\"https:\/\/arteva.org\/wp-content\/uploads\/2025\/01\/5B-GUILLAUME-LE-FOYER-DE-COSTIL-6-20-mai-2011.pdf\" target=\"_blank\" rel=\"noreferrer noopener\">T\u00e9l\u00e9charger le catalogue<\/a><br>&#8212;&#8212;&#8212;&#8212;&#8212;&#8212;&#8212;&#8212;&#8212;&#8212;&#8212;&#8212;&#8212;&#8212;&#8212;&#8212;&#8212;&#8212;<br>&#8211; L&rsquo;ART AU CHATEAU DE LA JOUE 29 avril \/ 1er mai 2011-<br><a href=\"https:\/\/arteva.org\/wp-content\/uploads\/2025\/01\/4A-LART-AU-CHATEAU-DE-LA-JOUE-29-avril-1er-mai-2011.pdf\" target=\"_blank\" rel=\"noreferrer noopener\">T\u00e9l\u00e9charger le catalogue<\/a><br>&#8212;&#8212;&#8212;&#8212;&#8212;&#8212;&#8212;&#8212;&#8212;&#8212;&#8212;&#8212;&#8212;&#8212;&#8212;&#8212;&#8212;&#8212;<br>&#8211; L&rsquo;ART PREND L&rsquo;AIR 2011 Samedi 16 et dimanche 17 avril 2011-<br>T\u00e9l\u00e9charger le catalogue<br>&#8212;&#8212;&#8212;&#8212;&#8212;&#8212;&#8212;&#8212;&#8212;&#8212;&#8212;&#8212;&#8212;&#8212;&#8212;&#8212;&#8212;&#8212;<br>&#8211; PAYSAGES EN ERRANCE 11\/ 25 f\u00e9vrier 2011<br><a href=\"https:\/\/arteva.org\/wp-content\/uploads\/2025\/01\/2A-PAYSAGES-EN-ERRANCE-11-25-fevrier-2011.pdf\" target=\"_blank\" rel=\"noreferrer noopener\">T\u00e9l\u00e9charger le catalogue<\/a><br>&#8212;&#8212;&#8212;&#8212;&#8212;&#8212;&#8212;&#8212;&#8212;&#8212;&#8212;&#8212;&#8212;&#8212;&#8212;&#8212;&#8212;&#8212;<br>&#8211; VIBRATIONS 21 janvier \/ 4 f\u00e9vrier 2011<br><a href=\"https:\/\/arteva.org\/wp-content\/uploads\/2025\/01\/1A-VIBRATIONS-21-janvier-4-fevrier-2011.pdf\">T\u00e9l\u00e9charger le catalogue<\/a><br>&#8212;&#8212;&#8212;&#8212;&#8212;&#8212;&#8212;&#8212;&#8212;&#8212;&#8212;&#8212;&#8212;&#8212;&#8212;&#8212;&#8212;&#8212;<br>&#8211; ROLAND LE CLANCHE-DESPREZ 22 octobre \/ 5 novembre 2010<br>&#8211; EVOCATIONS VEGETALES 25 \/ 26 septembre 2010 \/11h-19h<br>&#8211; EXPOSITION JEAN-PAUL FRIOL 17 \/ 19 septembre 2010<br>&#8211; L&rsquo;ART PREND L&rsquo;AIR 10 \/ 11 avril 2010<br>&#8211; AUTOUR DU NOIR 23 janvier \/ 20 f\u00e9vrier 2010<br>&#8211; CIMENTS 14 \/ 31 janvier 2010<br>&#8211; UN SOIR\u2026 ET DEUX JOURS 4 \/ 6 juin 2009<br>&#8211; EXPOSITIONS CHANT LIBRE<br>&#8211; CONCERT \u00ab\u00a0LA MISA CRIOLLA\u00a0\u00bb ET CHANTS D&rsquo;AMERIQUE DU SUD mai-00<br>&#8211; IVAN BAFOIL EN SON VILLAGE mai-00<br>&#8211; JOURNEES DU PATRIMOINE sept-97<br>&#8211; BENO\u00ceT LUMINEAU sept-96<br>&#8211; L&rsquo;ART DANS LA RUE juin-96<br>&#8211; MINIATURES DE LYDIA PASSANAU ET \u0152UVRES DE JACQUES BIBONNE Et\u00e9 1996<br>&#8211; EXPOSITION DE PEINTURE DES ENFANTS DE L&rsquo;H\u00d4PITAL DE LA ROCHE-GUYON d\u00e9c-95<\/p>\n\n\n\n<div data-wp-interactive=\"core\/file\" class=\"wp-block-file\"><object data-wp-bind--hidden=\"!state.hasPdfPreview\" hidden class=\"wp-block-file__embed\" data=\"https:\/\/arteva.org\/wp-content\/uploads\/2025\/01\/2A-PAYSAGES-EN-ERRANCE-11-25-fevrier-2011.pdf\" type=\"application\/pdf\" style=\"width:100%;height:600px\" aria-label=\"Contenu embarqu\u00e9 2A-PAYSAGES EN ERRANCE 11- 25 f\u00e9vrier 2011.\"><\/object><a id=\"wp-block-file--media-bb30c7f8-86cc-48d5-8688-978a9cfc6858\" href=\"https:\/\/arteva.org\/wp-content\/uploads\/2025\/01\/2A-PAYSAGES-EN-ERRANCE-11-25-fevrier-2011.pdf\">2A-PAYSAGES EN ERRANCE 11- 25 f\u00e9vrier 2011<\/a><a href=\"https:\/\/arteva.org\/wp-content\/uploads\/2025\/01\/2A-PAYSAGES-EN-ERRANCE-11-25-fevrier-2011.pdf\" class=\"wp-block-file__button wp-element-button\" download aria-describedby=\"wp-block-file--media-bb30c7f8-86cc-48d5-8688-978a9cfc6858\">T\u00e9l\u00e9charger<\/a><\/div>\n\n\n\n<div data-wp-interactive=\"core\/file\" class=\"wp-block-file\"><object data-wp-bind--hidden=\"!state.hasPdfPreview\" hidden class=\"wp-block-file__embed\" data=\"https:\/\/arteva.org\/wp-content\/uploads\/2025\/01\/3A-LART-PREND-LAIR-16-17-avril-2011.pdf\" type=\"application\/pdf\" style=\"width:100%;height:600px\" aria-label=\"Contenu embarqu\u00e9 3A- LART PREND L&apos;AIR 16 - 17 avril 2011.\"><\/object><a id=\"wp-block-file--media-5c33d66b-0eff-4795-8fa3-d36f80064488\" href=\"https:\/\/arteva.org\/wp-content\/uploads\/2025\/01\/3A-LART-PREND-LAIR-16-17-avril-2011.pdf\">3A- LART PREND L&rsquo;AIR 16 &#8211; 17 avril 2011<\/a><a href=\"https:\/\/arteva.org\/wp-content\/uploads\/2025\/01\/3A-LART-PREND-LAIR-16-17-avril-2011.pdf\" class=\"wp-block-file__button wp-element-button\" download aria-describedby=\"wp-block-file--media-5c33d66b-0eff-4795-8fa3-d36f80064488\">T\u00e9l\u00e9charger<\/a><\/div>\n\n\n\n<div data-wp-interactive=\"core\/file\" class=\"wp-block-file\"><object data-wp-bind--hidden=\"!state.hasPdfPreview\" hidden class=\"wp-block-file__embed\" data=\"https:\/\/arteva.org\/wp-content\/uploads\/2025\/01\/2A-PAYSAGES-EN-ERRANCE-11-25-fevrier-2011.pdf\" type=\"application\/pdf\" style=\"width:100%;height:600px\" aria-label=\"Contenu embarqu\u00e9 2A-PAYSAGES EN ERRANCE 11- 25 f\u00e9vrier 2011.\"><\/object><a id=\"wp-block-file--media-ddb9be59-9750-45d8-88e7-27b8e3a36406\" href=\"https:\/\/arteva.org\/wp-content\/uploads\/2025\/01\/2A-PAYSAGES-EN-ERRANCE-11-25-fevrier-2011.pdf\">2A-PAYSAGES EN ERRANCE 11- 25 f\u00e9vrier 2011<\/a><a href=\"https:\/\/arteva.org\/wp-content\/uploads\/2025\/01\/2A-PAYSAGES-EN-ERRANCE-11-25-fevrier-2011.pdf\" class=\"wp-block-file__button wp-element-button\" download aria-describedby=\"wp-block-file--media-ddb9be59-9750-45d8-88e7-27b8e3a36406\">T\u00e9l\u00e9charger<\/a><\/div>\n\n\n\n<div data-wp-interactive=\"core\/file\" class=\"wp-block-file\"><object data-wp-bind--hidden=\"!state.hasPdfPreview\" hidden class=\"wp-block-file__embed\" data=\"https:\/\/arteva.org\/wp-content\/uploads\/2025\/01\/1A-VIBRATIONS-21-janvier-4-fevrier-2011.pdf\" type=\"application\/pdf\" style=\"width:100%;height:600px\" aria-label=\"Contenu embarqu\u00e9 1A-VIBRATIONS 21 janvier - 4 f\u00e9vrier 2011.\"><\/object><a id=\"wp-block-file--media-a7dc5e15-ff67-42b8-a782-724cc6ca93cf\" href=\"https:\/\/arteva.org\/wp-content\/uploads\/2025\/01\/1A-VIBRATIONS-21-janvier-4-fevrier-2011.pdf\">1A-VIBRATIONS 21 janvier &#8211; 4 f\u00e9vrier 2011<\/a><a href=\"https:\/\/arteva.org\/wp-content\/uploads\/2025\/01\/1A-VIBRATIONS-21-janvier-4-fevrier-2011.pdf\" class=\"wp-block-file__button wp-element-button\" download aria-describedby=\"wp-block-file--media-a7dc5e15-ff67-42b8-a782-724cc6ca93cf\">T\u00e9l\u00e9charger<\/a><\/div>\n\n\n\n<p><\/p>\n","protected":false},"excerpt":{"rendered":"<p>Autres Expositions &#8211; ARTEVA &#8212;&#8212;&#8212;&#8212;&#8212;&#8212;&#8212;&#8212;&#8212;&#8212;&#8212;&#8212;&#8212;&#8212;&#8212;&#8212;&#8212;&#8212;\u00ab\u00a0Despedida\u00a0\u00bb PROLONGATION du 21 au 26 Avril 2026\u00ab\u00a0Avant de voguer vers des contr\u00e9es ensoleill\u00e9es, l\u2019artiste Franck Patin nous fait l\u2019amiti\u00e9 d\u2019ouvrir son atelier pour une ultime exposition de ses peintures \u00e0 Nantes.\u00a0ARTEVA vous donne rendez-vous chez lui, 37 rue Mellier Nantes (44100)\u00a0 Tram Ligne1 Du Chaffault \/ Bus C1 Saint-Aignan&#8212;&#8212;&#8212;&#8212;&#8212;&#8212;&#8212;&#8212;&#8212;&#8212;&#8212;&#8212;&#8212;&#8212;&#8212;&#8212;&#8212;&#8212;\u00ab\u00a0Ombres et [&hellip;]<\/p>\n","protected":false},"author":1,"featured_media":0,"parent":0,"menu_order":0,"comment_status":"closed","ping_status":"open","template":"","meta":{"footnotes":""},"class_list":["post-2","page","type-page","status-publish","hentry"],"yoast_head":"<!-- This site is optimized with the Yoast SEO plugin v27.1.1 - https:\/\/yoast.com\/product\/yoast-seo-wordpress\/ -->\n<title>Expositions - ARTEVA<\/title>\n<meta name=\"description\" content=\"Autres Expositions - ARTEVA : d\u00e9couvrez les autres expositions d&#039;ARTEVA. De nombreux artistes nous ont permis de r\u00e9aliser ces expositions.\" \/>\n<meta name=\"robots\" content=\"index, follow, max-snippet:-1, max-image-preview:large, max-video-preview:-1\" \/>\n<link rel=\"canonical\" href=\"https:\/\/arteva.org\/index.php\/autres-expositions-arteva\/\" \/>\n<meta property=\"og:locale\" content=\"fr_FR\" \/>\n<meta property=\"og:type\" content=\"article\" \/>\n<meta property=\"og:title\" content=\"Expositions - ARTEVA\" \/>\n<meta property=\"og:description\" content=\"Autres Expositions - ARTEVA : d\u00e9couvrez les autres expositions d&#039;ARTEVA. De nombreux artistes nous ont permis de r\u00e9aliser ces expositions.\" \/>\n<meta property=\"og:url\" content=\"https:\/\/arteva.org\/index.php\/autres-expositions-arteva\/\" \/>\n<meta property=\"og:site_name\" content=\"ARTEVA\" \/>\n<meta property=\"article:modified_time\" content=\"2026-04-20T11:02:45+00:00\" \/>\n<meta property=\"og:image\" content=\"http:\/\/arteva.org\/wp-content\/uploads\/2024\/11\/contact-arteva.jpg\" \/>\n<meta name=\"twitter:card\" content=\"summary_large_image\" \/>\n<meta name=\"twitter:label1\" content=\"Dur\u00e9e de lecture estim\u00e9e\" \/>\n\t<meta name=\"twitter:data1\" content=\"8 minutes\" \/>\n<script type=\"application\/ld+json\" class=\"yoast-schema-graph\">{\"@context\":\"https:\/\/schema.org\",\"@graph\":[{\"@type\":\"WebPage\",\"@id\":\"https:\/\/arteva.org\/index.php\/autres-expositions-arteva\/\",\"url\":\"https:\/\/arteva.org\/index.php\/autres-expositions-arteva\/\",\"name\":\"Expositions - ARTEVA\",\"isPartOf\":{\"@id\":\"https:\/\/arteva.org\/#website\"},\"primaryImageOfPage\":{\"@id\":\"https:\/\/arteva.org\/index.php\/autres-expositions-arteva\/#primaryimage\"},\"image\":{\"@id\":\"https:\/\/arteva.org\/index.php\/autres-expositions-arteva\/#primaryimage\"},\"thumbnailUrl\":\"http:\/\/arteva.org\/wp-content\/uploads\/2024\/11\/contact-arteva.jpg\",\"datePublished\":\"2024-11-04T10:57:49+00:00\",\"dateModified\":\"2026-04-20T11:02:45+00:00\",\"description\":\"Autres Expositions - ARTEVA : d\u00e9couvrez les autres expositions d'ARTEVA. De nombreux artistes nous ont permis de r\u00e9aliser ces expositions.\",\"breadcrumb\":{\"@id\":\"https:\/\/arteva.org\/index.php\/autres-expositions-arteva\/#breadcrumb\"},\"inLanguage\":\"fr-FR\",\"potentialAction\":[{\"@type\":\"ReadAction\",\"target\":[\"https:\/\/arteva.org\/index.php\/autres-expositions-arteva\/\"]}]},{\"@type\":\"ImageObject\",\"inLanguage\":\"fr-FR\",\"@id\":\"https:\/\/arteva.org\/index.php\/autres-expositions-arteva\/#primaryimage\",\"url\":\"http:\/\/arteva.org\/wp-content\/uploads\/2024\/11\/contact-arteva.jpg\",\"contentUrl\":\"http:\/\/arteva.org\/wp-content\/uploads\/2024\/11\/contact-arteva.jpg\"},{\"@type\":\"BreadcrumbList\",\"@id\":\"https:\/\/arteva.org\/index.php\/autres-expositions-arteva\/#breadcrumb\",\"itemListElement\":[{\"@type\":\"ListItem\",\"position\":1,\"name\":\"Accueil\",\"item\":\"https:\/\/arteva.org\/\"},{\"@type\":\"ListItem\",\"position\":2,\"name\":\"Expositions\"}]},{\"@type\":\"WebSite\",\"@id\":\"https:\/\/arteva.org\/#website\",\"url\":\"https:\/\/arteva.org\/\",\"name\":\"ARTEVA\",\"description\":\"Bienvenue sur le site ARTEVA : cr\u00e9ateur d&#039;\u00e9v\u00e9nements artistiques\",\"publisher\":{\"@id\":\"https:\/\/arteva.org\/#organization\"},\"potentialAction\":[{\"@type\":\"SearchAction\",\"target\":{\"@type\":\"EntryPoint\",\"urlTemplate\":\"https:\/\/arteva.org\/?s={search_term_string}\"},\"query-input\":{\"@type\":\"PropertyValueSpecification\",\"valueRequired\":true,\"valueName\":\"search_term_string\"}}],\"inLanguage\":\"fr-FR\"},{\"@type\":\"Organization\",\"@id\":\"https:\/\/arteva.org\/#organization\",\"name\":\"ARTEVA\",\"url\":\"https:\/\/arteva.org\/\",\"logo\":{\"@type\":\"ImageObject\",\"inLanguage\":\"fr-FR\",\"@id\":\"https:\/\/arteva.org\/#\/schema\/logo\/image\/\",\"url\":\"http:\/\/arteva.org\/wp-content\/uploads\/2024\/11\/event_arteva.gif\",\"contentUrl\":\"http:\/\/arteva.org\/wp-content\/uploads\/2024\/11\/event_arteva.gif\",\"width\":83,\"height\":20,\"caption\":\"ARTEVA\"},\"image\":{\"@id\":\"https:\/\/arteva.org\/#\/schema\/logo\/image\/\"}}]}<\/script>\n<!-- \/ Yoast SEO plugin. -->","yoast_head_json":{"title":"Expositions - ARTEVA","description":"Autres Expositions - ARTEVA : d\u00e9couvrez les autres expositions d'ARTEVA. De nombreux artistes nous ont permis de r\u00e9aliser ces expositions.","robots":{"index":"index","follow":"follow","max-snippet":"max-snippet:-1","max-image-preview":"max-image-preview:large","max-video-preview":"max-video-preview:-1"},"canonical":"https:\/\/arteva.org\/index.php\/autres-expositions-arteva\/","og_locale":"fr_FR","og_type":"article","og_title":"Expositions - ARTEVA","og_description":"Autres Expositions - ARTEVA : d\u00e9couvrez les autres expositions d'ARTEVA. De nombreux artistes nous ont permis de r\u00e9aliser ces expositions.","og_url":"https:\/\/arteva.org\/index.php\/autres-expositions-arteva\/","og_site_name":"ARTEVA","article_modified_time":"2026-04-20T11:02:45+00:00","og_image":[{"url":"http:\/\/arteva.org\/wp-content\/uploads\/2024\/11\/contact-arteva.jpg","type":"","width":"","height":""}],"twitter_card":"summary_large_image","twitter_misc":{"Dur\u00e9e de lecture estim\u00e9e":"8 minutes"},"schema":{"@context":"https:\/\/schema.org","@graph":[{"@type":"WebPage","@id":"https:\/\/arteva.org\/index.php\/autres-expositions-arteva\/","url":"https:\/\/arteva.org\/index.php\/autres-expositions-arteva\/","name":"Expositions - ARTEVA","isPartOf":{"@id":"https:\/\/arteva.org\/#website"},"primaryImageOfPage":{"@id":"https:\/\/arteva.org\/index.php\/autres-expositions-arteva\/#primaryimage"},"image":{"@id":"https:\/\/arteva.org\/index.php\/autres-expositions-arteva\/#primaryimage"},"thumbnailUrl":"http:\/\/arteva.org\/wp-content\/uploads\/2024\/11\/contact-arteva.jpg","datePublished":"2024-11-04T10:57:49+00:00","dateModified":"2026-04-20T11:02:45+00:00","description":"Autres Expositions - ARTEVA : d\u00e9couvrez les autres expositions d'ARTEVA. De nombreux artistes nous ont permis de r\u00e9aliser ces expositions.","breadcrumb":{"@id":"https:\/\/arteva.org\/index.php\/autres-expositions-arteva\/#breadcrumb"},"inLanguage":"fr-FR","potentialAction":[{"@type":"ReadAction","target":["https:\/\/arteva.org\/index.php\/autres-expositions-arteva\/"]}]},{"@type":"ImageObject","inLanguage":"fr-FR","@id":"https:\/\/arteva.org\/index.php\/autres-expositions-arteva\/#primaryimage","url":"http:\/\/arteva.org\/wp-content\/uploads\/2024\/11\/contact-arteva.jpg","contentUrl":"http:\/\/arteva.org\/wp-content\/uploads\/2024\/11\/contact-arteva.jpg"},{"@type":"BreadcrumbList","@id":"https:\/\/arteva.org\/index.php\/autres-expositions-arteva\/#breadcrumb","itemListElement":[{"@type":"ListItem","position":1,"name":"Accueil","item":"https:\/\/arteva.org\/"},{"@type":"ListItem","position":2,"name":"Expositions"}]},{"@type":"WebSite","@id":"https:\/\/arteva.org\/#website","url":"https:\/\/arteva.org\/","name":"ARTEVA","description":"Bienvenue sur le site ARTEVA : cr\u00e9ateur d&#039;\u00e9v\u00e9nements artistiques","publisher":{"@id":"https:\/\/arteva.org\/#organization"},"potentialAction":[{"@type":"SearchAction","target":{"@type":"EntryPoint","urlTemplate":"https:\/\/arteva.org\/?s={search_term_string}"},"query-input":{"@type":"PropertyValueSpecification","valueRequired":true,"valueName":"search_term_string"}}],"inLanguage":"fr-FR"},{"@type":"Organization","@id":"https:\/\/arteva.org\/#organization","name":"ARTEVA","url":"https:\/\/arteva.org\/","logo":{"@type":"ImageObject","inLanguage":"fr-FR","@id":"https:\/\/arteva.org\/#\/schema\/logo\/image\/","url":"http:\/\/arteva.org\/wp-content\/uploads\/2024\/11\/event_arteva.gif","contentUrl":"http:\/\/arteva.org\/wp-content\/uploads\/2024\/11\/event_arteva.gif","width":83,"height":20,"caption":"ARTEVA"},"image":{"@id":"https:\/\/arteva.org\/#\/schema\/logo\/image\/"}}]}},"_links":{"self":[{"href":"https:\/\/arteva.org\/index.php\/wp-json\/wp\/v2\/pages\/2","targetHints":{"allow":["GET"]}}],"collection":[{"href":"https:\/\/arteva.org\/index.php\/wp-json\/wp\/v2\/pages"}],"about":[{"href":"https:\/\/arteva.org\/index.php\/wp-json\/wp\/v2\/types\/page"}],"author":[{"embeddable":true,"href":"https:\/\/arteva.org\/index.php\/wp-json\/wp\/v2\/users\/1"}],"replies":[{"embeddable":true,"href":"https:\/\/arteva.org\/index.php\/wp-json\/wp\/v2\/comments?post=2"}],"version-history":[{"count":49,"href":"https:\/\/arteva.org\/index.php\/wp-json\/wp\/v2\/pages\/2\/revisions"}],"predecessor-version":[{"id":381,"href":"https:\/\/arteva.org\/index.php\/wp-json\/wp\/v2\/pages\/2\/revisions\/381"}],"wp:attachment":[{"href":"https:\/\/arteva.org\/index.php\/wp-json\/wp\/v2\/media?parent=2"}],"curies":[{"name":"wp","href":"https:\/\/api.w.org\/{rel}","templated":true}]}}