{"id":306,"date":"2026-03-10T14:17:01","date_gmt":"2026-03-10T13:17:01","guid":{"rendered":"https:\/\/arteva.org\/?page_id=306"},"modified":"2026-04-17T09:14:26","modified_gmt":"2026-04-17T07:14:26","slug":"les-causeries-arteva-2","status":"publish","type":"page","link":"https:\/\/arteva.org\/index.php\/les-causeries-arteva-2\/","title":{"rendered":"Les causeries ARTEVA"},"content":{"rendered":"\n<figure class=\"wp-block-image size-full\"><a href=\"https:\/\/arteva.org\/index.php\/contactez-nous\/\"><img loading=\"lazy\" decoding=\"async\" width=\"606\" height=\"276\" src=\"https:\/\/arteva.org\/wp-content\/uploads\/2026\/03\/BANDEAU-LES-CAUSERIES-ARTEVA_2_modifie-3.jpg\" alt=\"\" class=\"wp-image-349\" srcset=\"https:\/\/arteva.org\/wp-content\/uploads\/2026\/03\/BANDEAU-LES-CAUSERIES-ARTEVA_2_modifie-3.jpg 606w, https:\/\/arteva.org\/wp-content\/uploads\/2026\/03\/BANDEAU-LES-CAUSERIES-ARTEVA_2_modifie-3-300x137.jpg 300w\" sizes=\"auto, (max-width: 606px) 100vw, 606px\" \/><\/a><\/figure>\n\n\n\n<figure class=\"wp-block-image size-full\"><a href=\"https:\/\/arteva.org\/index.php\/contactez-nous\/\"><img loading=\"lazy\" decoding=\"async\" width=\"606\" height=\"213\" src=\"https:\/\/arteva.org\/wp-content\/uploads\/2026\/03\/BANDEAU-LES-CAUSERIES-ARTEVA_sur-reservation_modifie-1.jpg\" alt=\"\" class=\"wp-image-363\" srcset=\"https:\/\/arteva.org\/wp-content\/uploads\/2026\/03\/BANDEAU-LES-CAUSERIES-ARTEVA_sur-reservation_modifie-1.jpg 606w, https:\/\/arteva.org\/wp-content\/uploads\/2026\/03\/BANDEAU-LES-CAUSERIES-ARTEVA_sur-reservation_modifie-1-300x105.jpg 300w\" sizes=\"auto, (max-width: 606px) 100vw, 606px\" \/><\/a><\/figure>\n\n\n\n<p><strong><br><\/strong>La premi\u00e8re causerie ARTEVA aura pour th\u00e8me&nbsp;<\/p>\n\n\n\n<p class=\"has-larger-font-size\"><em><strong>\u00ab\u00a0Devenir \u00e9diteur de livres d&rsquo;art \u00e0 70 ans\u00a0\u00bb<\/strong><\/em><\/p>\n\n\n\n<p>par <strong>Fran\u00e7oise Plessis,<\/strong> des Editions Art3<br>et se tiendra&nbsp;<strong>mardi 28 avril 2026 \u00e0 19h30&nbsp;&nbsp;<\/strong><\/p>\n\n\n\n<p class=\"has-large-font-size\">salle Flora Tristan, au P\u00f4le associatif D\u00e9sir\u00e9 Colombe <\/p>\n\n\n\n<p class=\"has-large-font-size\">8 rue Ars\u00e8ne Leloup 44100 Nantes<\/p>\n\n\n\n<p class=\"has-normal-font-size\"><br><em>\u00ab\u00a0Tous savoir ou presque d&rsquo;une passion tardive pour le m\u00e9tier mal connu d&rsquo;\u00e9diteur de livres d&rsquo;art, si particulier et exigeant, gr\u00e2ce \u00e0 la communication de Fran\u00e7oise Plessis qui fut pharmacienne, puis galeriste avec son mari Charles-Yves, c\u00e9ramiste, avant de cr\u00e9er leur maison d&rsquo;\u00e9dition Art3 \u00e0 Nantes\u00a0\u00bb<\/em><\/p>\n\n\n\n<p class=\"has-text-align-center has-accent-color has-text-color has-link-color wp-elements-125e34c1e35f24f1cc92e0e11996f9ae\"><strong>RESERVATION RECOMMANDEE<\/strong><\/p>\n\n\n\n<p class=\"has-text-align-center\"><br>Attention ! L&rsquo;entr\u00e9e est <strong>gratuite<\/strong> mais la salle de conf\u00e9rence qui nous est propos\u00e9e ayant une capacit\u00e9 d&rsquo;accueil limit\u00e9e et contrainte,<strong>il est donc vivement recommand\u00e9 de r\u00e9server de pr\u00e9f\u00e9rence avant le 27 avril<\/strong>.<\/p>\n\n\n\n<p class=\"has-text-align-center\">par e-mail \u00e0 <em><a href=\"mailto:arteva@numericable.fr\" target=\"_blank\" rel=\"noreferrer noopener\">arteva@numericable.fr<\/a><\/em> ou via notre site <em><a href=\"http:\/\/www.arteva.org\" target=\"_blank\" rel=\"noreferrer noopener\">www.arteva.org<\/a> <\/em>(rubrique \u00ab\u00a0Contactez nous\u00a0\u00bb) en pr\u00e9cisant le nombre de personnes concern\u00e9es. Les r\u00e9servations seront trait\u00e9es <strong>dans l&rsquo;ordre de r\u00e9ception<\/strong> et valid\u00e9es <strong>dans la limite des places disponibles<\/strong>, ce dont vous serez personnellement inform\u00e9s.<\/p>\n\n\n\n<p>Nous esp\u00e9rons avoir le plaisir \u00e0 vous retrouver autour de Fran\u00e7oise et Charles-Yves Plessis.<br>Pr\u00e9parez vos questions&#8230;<br>Un \u00e9v\u00e9nement ARTEVA<br><\/p>\n\n\n\n<p><\/p>\n\n\n\n<p><\/p>\n\n\n\n<p><\/p>\n","protected":false},"excerpt":{"rendered":"<p>La premi\u00e8re causerie ARTEVA aura pour th\u00e8me&nbsp; \u00ab\u00a0Devenir \u00e9diteur de livres d&rsquo;art \u00e0 70 ans\u00a0\u00bb par Fran\u00e7oise Plessis, des Editions Art3et se tiendra&nbsp;mardi 28 avril 2026 \u00e0 19h30&nbsp;&nbsp; salle Flora Tristan, au P\u00f4le associatif D\u00e9sir\u00e9 Colombe 8 rue Ars\u00e8ne Leloup 44100 Nantes \u00ab\u00a0Tous savoir ou presque d&rsquo;une passion tardive pour le m\u00e9tier mal connu d&rsquo;\u00e9diteur [&hellip;]<\/p>\n","protected":false},"author":1,"featured_media":0,"parent":0,"menu_order":0,"comment_status":"closed","ping_status":"closed","template":"","meta":{"footnotes":""},"class_list":["post-306","page","type-page","status-publish","hentry"],"yoast_head":"<!-- This site is optimized with the Yoast SEO plugin v27.1.1 - https:\/\/yoast.com\/product\/yoast-seo-wordpress\/ -->\n<title>Les causeries ARTEVA - ARTEVA<\/title>\n<meta name=\"description\" content=\"Les causeries ARTEVA Notre premi\u00e8re causerie 8 rue Ars\u00e8ne Leloup 44100 Nantes sur le th\u00e8me \u00ab Devenir \u00e9diteur de livres d\u2019art \u00e0 70 ans \u00bb\" \/>\n<meta name=\"robots\" content=\"index, follow, max-snippet:-1, max-image-preview:large, max-video-preview:-1\" \/>\n<link rel=\"canonical\" href=\"https:\/\/arteva.org\/index.php\/les-causeries-arteva-2\/\" \/>\n<meta property=\"og:locale\" content=\"fr_FR\" \/>\n<meta property=\"og:type\" content=\"article\" \/>\n<meta property=\"og:title\" content=\"Les causeries ARTEVA - ARTEVA\" \/>\n<meta property=\"og:description\" content=\"Les causeries ARTEVA Notre premi\u00e8re causerie 8 rue Ars\u00e8ne Leloup 44100 Nantes sur le th\u00e8me \u00ab Devenir \u00e9diteur de livres d\u2019art \u00e0 70 ans \u00bb\" \/>\n<meta property=\"og:url\" content=\"https:\/\/arteva.org\/index.php\/les-causeries-arteva-2\/\" \/>\n<meta property=\"og:site_name\" content=\"ARTEVA\" \/>\n<meta property=\"article:modified_time\" content=\"2026-04-17T07:14:26+00:00\" \/>\n<meta property=\"og:image\" content=\"https:\/\/arteva.org\/wp-content\/uploads\/2026\/03\/BANDEAU-LES-CAUSERIES-ARTEVA_2_modifie-3.jpg\" \/>\n\t<meta property=\"og:image:width\" content=\"606\" \/>\n\t<meta property=\"og:image:height\" content=\"276\" \/>\n\t<meta property=\"og:image:type\" content=\"image\/jpeg\" \/>\n<meta name=\"twitter:card\" content=\"summary_large_image\" \/>\n<meta name=\"twitter:label1\" content=\"Dur\u00e9e de lecture estim\u00e9e\" \/>\n\t<meta name=\"twitter:data1\" content=\"2 minutes\" \/>\n<script type=\"application\/ld+json\" class=\"yoast-schema-graph\">{\"@context\":\"https:\/\/schema.org\",\"@graph\":[{\"@type\":\"WebPage\",\"@id\":\"https:\/\/arteva.org\/index.php\/les-causeries-arteva-2\/\",\"url\":\"https:\/\/arteva.org\/index.php\/les-causeries-arteva-2\/\",\"name\":\"Les causeries ARTEVA - ARTEVA\",\"isPartOf\":{\"@id\":\"https:\/\/arteva.org\/#website\"},\"primaryImageOfPage\":{\"@id\":\"https:\/\/arteva.org\/index.php\/les-causeries-arteva-2\/#primaryimage\"},\"image\":{\"@id\":\"https:\/\/arteva.org\/index.php\/les-causeries-arteva-2\/#primaryimage\"},\"thumbnailUrl\":\"https:\/\/arteva.org\/wp-content\/uploads\/2026\/03\/BANDEAU-LES-CAUSERIES-ARTEVA_2_modifie-3.jpg\",\"datePublished\":\"2026-03-10T13:17:01+00:00\",\"dateModified\":\"2026-04-17T07:14:26+00:00\",\"description\":\"Les causeries ARTEVA Notre premi\u00e8re causerie 8 rue Ars\u00e8ne Leloup 44100 Nantes sur le th\u00e8me \u00ab Devenir \u00e9diteur de livres d\u2019art \u00e0 70 ans \u00bb\",\"breadcrumb\":{\"@id\":\"https:\/\/arteva.org\/index.php\/les-causeries-arteva-2\/#breadcrumb\"},\"inLanguage\":\"fr-FR\",\"potentialAction\":[{\"@type\":\"ReadAction\",\"target\":[\"https:\/\/arteva.org\/index.php\/les-causeries-arteva-2\/\"]}]},{\"@type\":\"ImageObject\",\"inLanguage\":\"fr-FR\",\"@id\":\"https:\/\/arteva.org\/index.php\/les-causeries-arteva-2\/#primaryimage\",\"url\":\"https:\/\/arteva.org\/wp-content\/uploads\/2026\/03\/BANDEAU-LES-CAUSERIES-ARTEVA_2_modifie-3.jpg\",\"contentUrl\":\"https:\/\/arteva.org\/wp-content\/uploads\/2026\/03\/BANDEAU-LES-CAUSERIES-ARTEVA_2_modifie-3.jpg\",\"width\":606,\"height\":276,\"caption\":\"BANDEAU PERMANENT LES CAUSERIES\"},{\"@type\":\"BreadcrumbList\",\"@id\":\"https:\/\/arteva.org\/index.php\/les-causeries-arteva-2\/#breadcrumb\",\"itemListElement\":[{\"@type\":\"ListItem\",\"position\":1,\"name\":\"Accueil\",\"item\":\"https:\/\/arteva.org\/\"},{\"@type\":\"ListItem\",\"position\":2,\"name\":\"Les causeries ARTEVA\"}]},{\"@type\":\"WebSite\",\"@id\":\"https:\/\/arteva.org\/#website\",\"url\":\"https:\/\/arteva.org\/\",\"name\":\"ARTEVA\",\"description\":\"Bienvenue sur le site ARTEVA : cr\u00e9ateur d&#039;\u00e9v\u00e9nements artistiques\",\"publisher\":{\"@id\":\"https:\/\/arteva.org\/#organization\"},\"potentialAction\":[{\"@type\":\"SearchAction\",\"target\":{\"@type\":\"EntryPoint\",\"urlTemplate\":\"https:\/\/arteva.org\/?s={search_term_string}\"},\"query-input\":{\"@type\":\"PropertyValueSpecification\",\"valueRequired\":true,\"valueName\":\"search_term_string\"}}],\"inLanguage\":\"fr-FR\"},{\"@type\":\"Organization\",\"@id\":\"https:\/\/arteva.org\/#organization\",\"name\":\"ARTEVA\",\"url\":\"https:\/\/arteva.org\/\",\"logo\":{\"@type\":\"ImageObject\",\"inLanguage\":\"fr-FR\",\"@id\":\"https:\/\/arteva.org\/#\/schema\/logo\/image\/\",\"url\":\"http:\/\/arteva.org\/wp-content\/uploads\/2024\/11\/event_arteva.gif\",\"contentUrl\":\"http:\/\/arteva.org\/wp-content\/uploads\/2024\/11\/event_arteva.gif\",\"width\":83,\"height\":20,\"caption\":\"ARTEVA\"},\"image\":{\"@id\":\"https:\/\/arteva.org\/#\/schema\/logo\/image\/\"}}]}<\/script>\n<!-- \/ Yoast SEO plugin. -->","yoast_head_json":{"title":"Les causeries ARTEVA - ARTEVA","description":"Les causeries ARTEVA Notre premi\u00e8re causerie 8 rue Ars\u00e8ne Leloup 44100 Nantes sur le th\u00e8me \u00ab Devenir \u00e9diteur de livres d\u2019art \u00e0 70 ans \u00bb","robots":{"index":"index","follow":"follow","max-snippet":"max-snippet:-1","max-image-preview":"max-image-preview:large","max-video-preview":"max-video-preview:-1"},"canonical":"https:\/\/arteva.org\/index.php\/les-causeries-arteva-2\/","og_locale":"fr_FR","og_type":"article","og_title":"Les causeries ARTEVA - ARTEVA","og_description":"Les causeries ARTEVA Notre premi\u00e8re causerie 8 rue Ars\u00e8ne Leloup 44100 Nantes sur le th\u00e8me \u00ab Devenir \u00e9diteur de livres d\u2019art \u00e0 70 ans \u00bb","og_url":"https:\/\/arteva.org\/index.php\/les-causeries-arteva-2\/","og_site_name":"ARTEVA","article_modified_time":"2026-04-17T07:14:26+00:00","og_image":[{"width":606,"height":276,"url":"https:\/\/arteva.org\/wp-content\/uploads\/2026\/03\/BANDEAU-LES-CAUSERIES-ARTEVA_2_modifie-3.jpg","type":"image\/jpeg"}],"twitter_card":"summary_large_image","twitter_misc":{"Dur\u00e9e de lecture estim\u00e9e":"2 minutes"},"schema":{"@context":"https:\/\/schema.org","@graph":[{"@type":"WebPage","@id":"https:\/\/arteva.org\/index.php\/les-causeries-arteva-2\/","url":"https:\/\/arteva.org\/index.php\/les-causeries-arteva-2\/","name":"Les causeries ARTEVA - ARTEVA","isPartOf":{"@id":"https:\/\/arteva.org\/#website"},"primaryImageOfPage":{"@id":"https:\/\/arteva.org\/index.php\/les-causeries-arteva-2\/#primaryimage"},"image":{"@id":"https:\/\/arteva.org\/index.php\/les-causeries-arteva-2\/#primaryimage"},"thumbnailUrl":"https:\/\/arteva.org\/wp-content\/uploads\/2026\/03\/BANDEAU-LES-CAUSERIES-ARTEVA_2_modifie-3.jpg","datePublished":"2026-03-10T13:17:01+00:00","dateModified":"2026-04-17T07:14:26+00:00","description":"Les causeries ARTEVA Notre premi\u00e8re causerie 8 rue Ars\u00e8ne Leloup 44100 Nantes sur le th\u00e8me \u00ab Devenir \u00e9diteur de livres d\u2019art \u00e0 70 ans \u00bb","breadcrumb":{"@id":"https:\/\/arteva.org\/index.php\/les-causeries-arteva-2\/#breadcrumb"},"inLanguage":"fr-FR","potentialAction":[{"@type":"ReadAction","target":["https:\/\/arteva.org\/index.php\/les-causeries-arteva-2\/"]}]},{"@type":"ImageObject","inLanguage":"fr-FR","@id":"https:\/\/arteva.org\/index.php\/les-causeries-arteva-2\/#primaryimage","url":"https:\/\/arteva.org\/wp-content\/uploads\/2026\/03\/BANDEAU-LES-CAUSERIES-ARTEVA_2_modifie-3.jpg","contentUrl":"https:\/\/arteva.org\/wp-content\/uploads\/2026\/03\/BANDEAU-LES-CAUSERIES-ARTEVA_2_modifie-3.jpg","width":606,"height":276,"caption":"BANDEAU PERMANENT LES CAUSERIES"},{"@type":"BreadcrumbList","@id":"https:\/\/arteva.org\/index.php\/les-causeries-arteva-2\/#breadcrumb","itemListElement":[{"@type":"ListItem","position":1,"name":"Accueil","item":"https:\/\/arteva.org\/"},{"@type":"ListItem","position":2,"name":"Les causeries ARTEVA"}]},{"@type":"WebSite","@id":"https:\/\/arteva.org\/#website","url":"https:\/\/arteva.org\/","name":"ARTEVA","description":"Bienvenue sur le site ARTEVA : cr\u00e9ateur d&#039;\u00e9v\u00e9nements artistiques","publisher":{"@id":"https:\/\/arteva.org\/#organization"},"potentialAction":[{"@type":"SearchAction","target":{"@type":"EntryPoint","urlTemplate":"https:\/\/arteva.org\/?s={search_term_string}"},"query-input":{"@type":"PropertyValueSpecification","valueRequired":true,"valueName":"search_term_string"}}],"inLanguage":"fr-FR"},{"@type":"Organization","@id":"https:\/\/arteva.org\/#organization","name":"ARTEVA","url":"https:\/\/arteva.org\/","logo":{"@type":"ImageObject","inLanguage":"fr-FR","@id":"https:\/\/arteva.org\/#\/schema\/logo\/image\/","url":"http:\/\/arteva.org\/wp-content\/uploads\/2024\/11\/event_arteva.gif","contentUrl":"http:\/\/arteva.org\/wp-content\/uploads\/2024\/11\/event_arteva.gif","width":83,"height":20,"caption":"ARTEVA"},"image":{"@id":"https:\/\/arteva.org\/#\/schema\/logo\/image\/"}}]}},"_links":{"self":[{"href":"https:\/\/arteva.org\/index.php\/wp-json\/wp\/v2\/pages\/306","targetHints":{"allow":["GET"]}}],"collection":[{"href":"https:\/\/arteva.org\/index.php\/wp-json\/wp\/v2\/pages"}],"about":[{"href":"https:\/\/arteva.org\/index.php\/wp-json\/wp\/v2\/types\/page"}],"author":[{"embeddable":true,"href":"https:\/\/arteva.org\/index.php\/wp-json\/wp\/v2\/users\/1"}],"replies":[{"embeddable":true,"href":"https:\/\/arteva.org\/index.php\/wp-json\/wp\/v2\/comments?post=306"}],"version-history":[{"count":20,"href":"https:\/\/arteva.org\/index.php\/wp-json\/wp\/v2\/pages\/306\/revisions"}],"predecessor-version":[{"id":376,"href":"https:\/\/arteva.org\/index.php\/wp-json\/wp\/v2\/pages\/306\/revisions\/376"}],"wp:attachment":[{"href":"https:\/\/arteva.org\/index.php\/wp-json\/wp\/v2\/media?parent=306"}],"curies":[{"name":"wp","href":"https:\/\/api.w.org\/{rel}","templated":true}]}}